{"id":35,"date":"2023-03-12T12:23:28","date_gmt":"2023-03-12T11:23:28","guid":{"rendered":"http:\/\/agrion-risle-charentonne.fr\/?post_type=tribe_events&#038;p=35"},"modified":"2023-03-28T20:24:31","modified_gmt":"2023-03-28T18:24:31","slug":"conference-n1","status":"publish","type":"tribe_events","link":"https:\/\/agrion-risle-charentonne.fr\/index.php\/evenement\/conference-n1\/","title":{"rendered":"15\u00e8me nuit de la chouette"},"content":{"rendered":"<div  class=\"tribe-events-schedule tribe-clearfix\" >\n\t<p class=\"tribe-events-schedule__datetime\">\n\t\t<span class=\"tribe-events-schedule__date tribe-events-schedule__date--start\">\n\t\t\t31 mars 2023\t\t<\/span>\n\n\t\t\t\t\t<span class=\"tribe-events-schedule__separator tribe-events-schedule__separator--date\">\n\t\t\t\t@\t\t\t<\/span>\n\t\t\t<span class=\"tribe-events-schedule__time tribe-events-schedule__time--start\">\n\t\t\t\t19h00\t\t\t<\/span>\n\t\t\n\t\t\t\t\t\t\t\t\t<span class=\"tribe-events-schedule__separator tribe-events-schedule__separator--time\">\n\t\t\t\t\t&#8211;\t\t\t\t<\/span>\n\t\t\t\n\t\t\t\t\t\t\t<span class=\"tribe-events-schedule__time tribe-events-schedule__time--end\">\n\t\t\t\t\t21h30\t\t\t\t<\/span>\n\t\t\t\n\t\t\t\t\t\t<\/p>\n<\/div>\n\n\n\n<h2 class=\"wp-block-heading\">Descriptif<\/h2>\n\n\n\n<figure class=\"wp-block-image size-large\"><img loading=\"lazy\" decoding=\"async\" width=\"1024\" height=\"720\" src=\"https:\/\/agrion-risle-charentonne.fr\/wp-content\/uploads\/2023\/03\/Cheveche-dAthena-3-VBQ-recadree-e1679764824753-1024x720.jpg\" alt=\"\" class=\"wp-image-75\" srcset=\"https:\/\/agrion-risle-charentonne.fr\/wp-content\/uploads\/2023\/03\/Cheveche-dAthena-3-VBQ-recadree-e1679764824753-1024x720.jpg 1024w, https:\/\/agrion-risle-charentonne.fr\/wp-content\/uploads\/2023\/03\/Cheveche-dAthena-3-VBQ-recadree-e1679764824753-300x211.jpg 300w, https:\/\/agrion-risle-charentonne.fr\/wp-content\/uploads\/2023\/03\/Cheveche-dAthena-3-VBQ-recadree-e1679764824753-768x540.jpg 768w, https:\/\/agrion-risle-charentonne.fr\/wp-content\/uploads\/2023\/03\/Cheveche-dAthena-3-VBQ-recadree-e1679764824753-1200x844.jpg 1200w, https:\/\/agrion-risle-charentonne.fr\/wp-content\/uploads\/2023\/03\/Cheveche-dAthena-3-VBQ-recadree-e1679764824753.jpg 1386w\" sizes=\"auto, (max-width: 1024px) 100vw, 1024px\" \/><\/figure>\n\n\n\n<p>Quand une partie de la nature s\u2019assoupit \u00e0 la tomb\u00e9e de la nuit, d\u2019autres esp\u00e8ces s\u2019\u00e9veillent\u2026 Un hululement\u2026 Un battement d\u2019ailes\u2026 Une sortie nocturne s\u2019impose pour s\u2019immerger dans cette ambiance pas comme les autres \u00e0 laquelle nous convie \u00ab la nuit de la chouette \u00bb, \u00e9v\u00e9nement national orchestr\u00e9 par la Ligue pour la Protection des Oiseaux (LPO), rendez-vous qui a lieu tous les deux ans. L\u2019occasion de cette 15\u00e8me \u00e9dition est ainsi donn\u00e9e de proposer ce th\u00e8me dans le cadre des animations naturalistes organis\u00e9es en partenariat avec la M.J.C. de Bernay. Pour profiter pleinement de cette animation consacr\u00e9e aux rapaces nocturnes, en pr\u00e9ambule de la sortie guid\u00e9e, le public est invit\u00e9 \u00e0 une conf\u00e9rence men\u00e9e par l\u2019ornithologue amateur et passionn\u00e9 Xavier Barraud. L\u2019opportunit\u00e9 est ainsi offerte de mieux apprivoiser l\u2019univers des chouettes et de leurs cousins hiboux. Ces oiseaux sont-ils tous depuis toujours nocturnes ou se sont-ils adapt\u00e9s \u00e0 nos activit\u00e9s humaines ? La MJC propose d\u00e8s \u00e0 pr\u00e9sent de faire connaissance avec ces oiseaux nocturnes autour de son exposition install\u00e9e dans les all\u00e9es de la Maison des associations.<\/p>\n\n\n\n<p>Expositions, conf\u00e9rence, sortie nocturne : ces animations familiales (gratuites) sont une aubaine pour chacun de mieux comprendre les m\u0153urs de ces oiseaux de nuit, les dangers qui les menacent, les gestes simples au quotidien pour les sauvegarder.<\/p>\n\n\n\n<h2 class=\"wp-block-heading\">Infos pratiques<\/h2>\n\n\n\n<p>Animations gratuites, tout public, sans r\u00e9servation.<\/p>\n\n\n\n<p><strong>\u2013 Conf\u00e9rence : vendredi 31 mars, 19 heures, Maison des associations<\/strong><\/p>\n\n\n\n<p>\u2013 Sortie nocturne : vendredi 31 mars, 20h30, rdv \u00e0 la Maison des associations. Il est chaleureusement recommand\u00e9 de pr\u00e9voir des v\u00eatements chauds, de bonnes chaussures et une lampe.<\/p>\n\n\n\n<p>\u2013 Exposition \u00ab Chouettes et hiboux \u00bb de la MJC visible jusqu\u2019au 10 avril, \u00e0 la Maison des associations aux horaires d\u2019ouverture habituels.<\/p>\n\n\n\t<div  class=\"tribe-block tribe-block__events-link\" >\n\t\t<div class=\"tribe-events tribe-common\">\n\t\t\t<div class=\"tribe-events-c-subscribe-dropdown__container\">\n\t\t\t\t<div class=\"tribe-events-c-subscribe-dropdown\">\n\t\t\t\t\t<div class=\"tribe-common-c-btn-border tribe-events-c-subscribe-dropdown__button\">\n\t\t\t\t\t\t<svg\n\t class=\"tribe-common-c-svgicon tribe-common-c-svgicon--cal-export tribe-events-c-subscribe-dropdown__export-icon\" \taria-hidden=\"true\"\n\tviewBox=\"0 0 23 17\"\n\txmlns=\"http:\/\/www.w3.org\/2000\/svg\"\n>\n\t<path fill-rule=\"evenodd\" clip-rule=\"evenodd\" d=\"M.128.896V16.13c0 .211.145.383.323.383h15.354c.179 0 .323-.172.323-.383V.896c0-.212-.144-.383-.323-.383H.451C.273.513.128.684.128.896Zm16 6.742h-.901V4.679H1.009v10.729h14.218v-3.336h.901V7.638ZM1.01 1.614h14.218v2.058H1.009V1.614Z\" \/>\n\t<path d=\"M20.5 9.846H8.312M18.524 6.953l2.89 2.909-2.855 2.855\" stroke-width=\"1.2\" stroke-linecap=\"round\" stroke-linejoin=\"round\"\/>\n<\/svg>\n\t\t\t\t\t\t<button\n\t\t\t\t\t\t\tclass=\"tribe-events-c-subscribe-dropdown__button-text\"\n\t\t\t\t\t\t\taria-expanded=\"false\"\n\t\t\t\t\t\t\taria-controls=\"tribe-events-subscribe-dropdown-content\"\n\t\t\t\t\t\t\taria-label=\"Afficher les liens permettant d\u2019ajouter des \u00e9v\u00e8nements \u00e0 votre calendrier\"\n\t\t\t\t\t\t>\n\t\t\t\t\t\t\tAjouter au calendrier\t\t\t\t\t\t<\/button>\n\t\t\t\t\t\t<svg\n\t class=\"tribe-common-c-svgicon tribe-common-c-svgicon--caret-down tribe-events-c-subscribe-dropdown__button-icon\" \taria-hidden=\"true\"\n\tviewBox=\"0 0 10 7\"\n\txmlns=\"http:\/\/www.w3.org\/2000\/svg\"\n>\n\t<path fill-rule=\"evenodd\" clip-rule=\"evenodd\" d=\"M1.008.609L5 4.6 8.992.61l.958.958L5 6.517.05 1.566l.958-.958z\" class=\"tribe-common-c-svgicon__svg-fill\"\/>\n<\/svg>\n\t\t\t\t\t<\/div>\n\t\t\t\t\t<div id=\"tribe-events-subscribe-dropdown-content\" class=\"tribe-events-c-subscribe-dropdown__content\">\n\t\t\t\t\t\t<ul class=\"tribe-events-c-subscribe-dropdown__list\">\n\t\t\t\t\t\t\t\t\t\t\t\t\t\t\t<li class=\"tribe-events-c-subscribe-dropdown__list-item tribe-events-c-subscribe-dropdown__list-item--gcal\">\n\t\t\t\t\t\t\t\t\t<a\n\t\t\t\t\t\t\t\t\t\thref=\"https:\/\/www.google.com\/calendar\/event?action=TEMPLATE&#038;dates=20230331T190000\/20230331T213000&#038;text=15%C3%A8me%20nuit%20de%20la%20chouette&#038;details=%3Ch2%3EDescriptif%3C%2Fh2%3E%3Cfigure+class%3D%22wp-block-image+size-large%22%3E%3Cimg+src%3D%22http%3A%2F%2Fagrion-risle-charentonne.fr%2Fwp-content%2Fuploads%2F2023%2F03%2FCheveche-dAthena-3-VBQ-recadree-e1679764824753-1024x720.jpg%22+alt%3D%22%22+class%3D%22wp-image-75%22%2F%3E%3C%2Ffigure%3E%3Cp%3EQuand+une+partie+de+la+nature+s%E2%80%99assoupit+%C3%A0+la+tomb%C3%A9e+de+la+nuit%2C+d%E2%80%99autres+esp%C3%A8ces+s%E2%80%99%C3%A9veillent%E2%80%A6+Un+hululement%E2%80%A6+Un+battement+d%E2%80%99ailes%E2%80%A6+Une+sortie+nocturne+s%E2%80%99impose+pour+s%E2%80%99immerger+dans+cette+ambiance+pas+comme+les+autres+%C3%A0+laquelle+nous+convie+%C2%AB+la+nuit+de+la+chouette+%C2%BB%2C+%C3%A9v%C3%A9nement+national+orchestr%C3%A9+par+la+Ligue+pour+la+Protection+des+Oiseaux+%28LPO%29%2C+rendez-vous+qui+a+lieu+tous+les+deux+ans.+L%E2%80%99occasion+de+cette+15%C3%A8me+%C3%A9dition+est+ainsi+donn%C3%A9e+de+proposer+ce+th%C3%A8me+dans+le+cadre+des+animations+naturalistes+organis%C3%A9es+en+partenariat+avec+la+M.J.C.+de+Bernay.+Pour+profiter+pleinement+de+cette+animation+consacr%C3%A9e+aux+rapaces+nocturnes%2C+en+pr%C3%A9ambule+de+la+sortie+guid%C3%A9e%2C+le+public+est+invit%C3%A9+%C3%A0+une+conf%C3%A9rence+men%C3%3C%2Fp%3E%28Voir+toute+la+description+de+%C3%A9v%C3%A8nement+ici%C2%A0%3A+https%3A%2F%2Fagrion-risle-charentonne.fr%2Findex.php%2Fevenement%2Fconference-n1%2F%29&#038;trp=false&#038;ctz=Europe\/Paris&#038;sprop=website:https:\/\/agrion-risle-charentonne.fr\"\n\t\t\t\t\t\t\t\t\t\tclass=\"tribe-events-c-subscribe-dropdown__list-item-link\"\n\t\t\t\t\t\t\t\t\t\ttarget=\"_blank\"\n\t\t\t\t\t\t\t\t\t\trel=\"noopener noreferrer nofollow noindex\"\n\t\t\t\t\t\t\t\t\t>\n\t\t\t\t\t\t\t\t\t\tGoogle Agenda\t\t\t\t\t\t\t\t\t<\/a>\n\t\t\t\t\t\t\t\t<\/li>\n\t\t\t\t\t\t\t\t\t\t\t\t\t\t\t<li class=\"tribe-events-c-subscribe-dropdown__list-item tribe-events-c-subscribe-dropdown__list-item--ical\">\n\t\t\t\t\t\t\t\t\t<a\n\t\t\t\t\t\t\t\t\t\thref=\"\"\n\t\t\t\t\t\t\t\t\t\tclass=\"tribe-events-c-subscribe-dropdown__list-item-link\"\n\t\t\t\t\t\t\t\t\t\ttarget=\"_blank\"\n\t\t\t\t\t\t\t\t\t\trel=\"noopener noreferrer nofollow noindex\"\n\t\t\t\t\t\t\t\t\t>\n\t\t\t\t\t\t\t\t\t\tiCalendar\t\t\t\t\t\t\t\t\t<\/a>\n\t\t\t\t\t\t\t\t<\/li>\n\t\t\t\t\t\t\t\t\t\t\t\t\t\t\t<li class=\"tribe-events-c-subscribe-dropdown__list-item tribe-events-c-subscribe-dropdown__list-item--outlook-365\">\n\t\t\t\t\t\t\t\t\t<a\n\t\t\t\t\t\t\t\t\t\thref=\"\"\n\t\t\t\t\t\t\t\t\t\tclass=\"tribe-events-c-subscribe-dropdown__list-item-link\"\n\t\t\t\t\t\t\t\t\t\ttarget=\"_blank\"\n\t\t\t\t\t\t\t\t\t\trel=\"noopener noreferrer nofollow noindex\"\n\t\t\t\t\t\t\t\t\t>\n\t\t\t\t\t\t\t\t\t\tOutlook 365\t\t\t\t\t\t\t\t\t<\/a>\n\t\t\t\t\t\t\t\t<\/li>\n\t\t\t\t\t\t\t\t\t\t\t\t\t\t\t<li class=\"tribe-events-c-subscribe-dropdown__list-item tribe-events-c-subscribe-dropdown__list-item--outlook-live\">\n\t\t\t\t\t\t\t\t\t<a\n\t\t\t\t\t\t\t\t\t\thref=\"\"\n\t\t\t\t\t\t\t\t\t\tclass=\"tribe-events-c-subscribe-dropdown__list-item-link\"\n\t\t\t\t\t\t\t\t\t\ttarget=\"_blank\"\n\t\t\t\t\t\t\t\t\t\trel=\"noopener noreferrer nofollow noindex\"\n\t\t\t\t\t\t\t\t\t>\n\t\t\t\t\t\t\t\t\t\tOutlook Live\t\t\t\t\t\t\t\t\t<\/a>\n\t\t\t\t\t\t\t\t<\/li>\n\t\t\t\t\t\t\t\t\t\t\t\t\t<\/ul>\n\t\t\t\t\t<\/div>\n\t\t\t\t<\/div>\n\t\t\t<\/div>\n\t\t<\/div>\n\t<\/div>\n\n","protected":false},"excerpt":{"rendered":"<p>Descriptif Quand une partie de la nature s\u2019assoupit \u00e0 la tomb\u00e9e de la nuit, d\u2019autres esp\u00e8ces s\u2019\u00e9veillent\u2026 Un hululement\u2026 Un battement d\u2019ailes\u2026 Une sortie nocturne s\u2019impose pour s\u2019immerger dans cette [&hellip;]<\/p>\n","protected":false},"author":1,"featured_media":0,"template":"","meta":{"_EventAllDay":false,"_EventTimezone":"Europe\/Paris","_EventStartDate":"2023-03-31 19:00:00","_EventEndDate":"2023-03-31 21:30:00","_EventStartDateUTC":"2023-03-31 17:00:00","_EventEndDateUTC":"2023-03-31 19:30:00","_EventShowMap":true,"_EventShowMapLink":true,"_EventURL":"","_EventCost":"Gratuit","_EventCostDescription":"","_EventCurrencySymbol":"$","_EventCurrencyCode":"USD","_EventCurrencyPosition":"prefix","_EventDateTimeSeparator":"@","_EventTimeRangeSeparator":"-","_EventOrganizerID":[],"_EventVenueID":[0],"_OrganizerEmail":"","_OrganizerPhone":"","_OrganizerWebsite":"","_VenueAddress":"","_VenueCity":"","_VenueCountry":"","_VenueProvince":"","_VenueState":"","_VenueZip":"","_VenuePhone":"","_VenueURL":"","_VenueStateProvince":"","_VenueLat":"","_VenueLng":"","_VenueShowMap":false,"_VenueShowMapLink":false,"_tribe_events_status":"","_tribe_events_status_reason":"","footnotes":""},"tags":[],"tribe_events_cat":[],"class_list":["post-35","tribe_events","type-tribe_events","status-publish","hentry"],"_links":{"self":[{"href":"https:\/\/agrion-risle-charentonne.fr\/index.php\/wp-json\/wp\/v2\/tribe_events\/35","targetHints":{"allow":["GET"]}}],"collection":[{"href":"https:\/\/agrion-risle-charentonne.fr\/index.php\/wp-json\/wp\/v2\/tribe_events"}],"about":[{"href":"https:\/\/agrion-risle-charentonne.fr\/index.php\/wp-json\/wp\/v2\/types\/tribe_events"}],"author":[{"embeddable":true,"href":"https:\/\/agrion-risle-charentonne.fr\/index.php\/wp-json\/wp\/v2\/users\/1"}],"version-history":[{"count":6,"href":"https:\/\/agrion-risle-charentonne.fr\/index.php\/wp-json\/wp\/v2\/tribe_events\/35\/revisions"}],"predecessor-version":[{"id":137,"href":"https:\/\/agrion-risle-charentonne.fr\/index.php\/wp-json\/wp\/v2\/tribe_events\/35\/revisions\/137"}],"wp:attachment":[{"href":"https:\/\/agrion-risle-charentonne.fr\/index.php\/wp-json\/wp\/v2\/media?parent=35"}],"wp:term":[{"taxonomy":"post_tag","embeddable":true,"href":"https:\/\/agrion-risle-charentonne.fr\/index.php\/wp-json\/wp\/v2\/tags?post=35"},{"taxonomy":"tribe_events_cat","embeddable":true,"href":"https:\/\/agrion-risle-charentonne.fr\/index.php\/wp-json\/wp\/v2\/tribe_events_cat?post=35"}],"curies":[{"name":"wp","href":"https:\/\/api.w.org\/{rel}","templated":true}]}}